{"id":157,"date":"2018-12-08T08:48:27","date_gmt":"2018-12-08T05:48:27","guid":{"rendered":"http:\/\/www.karesi5asm.com\/?page_id=157"},"modified":"2020-07-11T14:35:27","modified_gmt":"2020-07-11T11:35:27","slug":"baglantilar","status":"publish","type":"page","link":"http:\/\/www.karesi5asm.com\/?page_id=157","title":{"rendered":"Ba\u011flant\u0131lar"},"content":{"rendered":"\n<ul class=\"wp-block-list\"><li><a rel=\"noreferrer noopener\" aria-label=\"Sa\u011fl\u0131k Bakanl\u0131\u011f\u0131\n (yeni sekmede a\u00e7\u0131l\u0131r)\" href=\"https:\/\/www.saglik.gov.tr\/\" target=\"_blank\">Sa\u011fl\u0131k Bakanl\u0131\u011f\u0131<\/a><\/li><li><a rel=\"noreferrer noopener\" aria-label=\"Sa\u011fl\u0131k Bakanl\u0131\u011f\u0131\u2028Halk Sa\u011fl\u0131\u011f\u0131 Genel M\u00fcd\u00fcrl\u00fc\u011f\u00fc\n (yeni sekmede a\u00e7\u0131l\u0131r)\" href=\"https:\/\/hsgm.saglik.gov.tr\/tr\/\" target=\"_blank\">Halk Sa\u011fl\u0131\u011f\u0131 Genel M\u00fcd\u00fcrl\u00fc\u011f\u00fc<\/a><\/li><li><a rel=\"noreferrer noopener\" aria-label=\"Sa\u011fl\u0131k Bakanl\u0131\u011f\u0131\u2028Halk Sa\u011fl\u0131\u011f\u0131 Genel M\u00fcd\u00fcrl\u00fc\u011f\u00fc\u2028Bal\u0131kesir Valili\u011fi\n (yeni sekmede a\u00e7\u0131l\u0131r)\" href=\"http:\/\/www.balikesir.gov.tr\/\" target=\"_blank\">Bal\u0131kesir Valili\u011fi<\/a><\/li><li><a rel=\"noreferrer noopener\" aria-label=\"Sa\u011fl\u0131k Bakanl\u0131\u011f\u0131\u2028Halk Sa\u011fl\u0131\u011f\u0131 Genel M\u00fcd\u00fcrl\u00fc\u011f\u00fc\u2028Bal\u0131kesir Valili\u011fi\u2028Karesi Kaymakaml\u0131\u011f\u0131\n (yeni sekmede a\u00e7\u0131l\u0131r)\" href=\"http:\/\/karesi.gov.tr\/\" target=\"_blank\">Karesi Kaymakaml\u0131\u011f\u0131<\/a><\/li><li><a rel=\"noreferrer noopener\" aria-label=\"Sa\u011fl\u0131k Bakanl\u0131\u011f\u0131\u2028Halk Sa\u011fl\u0131\u011f\u0131 Genel M\u00fcd\u00fcrl\u00fc\u011f\u00fc\u2028Bal\u0131kesir Valili\u011fi\u2028Karesi Kaymakaml\u0131\u011f\u0131\u2028Bal\u0131kesir \u0130l Sa\u011fl\u0131k M\u00fcd\u00fcrl\u00fc\u011f\u00fc\u2028Bal\u0131kesir Aile Hekimleri Derne\u011fi\u2028Sa\u011fl\u0131k Mevzuat\u0131\u2028A\u015f\u0131 Takvimi\u2028Sigaray\u0131 B\u0131rakma Hatt\u0131\u2028Uyu\u015fturucu ile M\u00fccadele, Dan\u0131\u015fma ve Destek Hatt\u0131 \u2028e-Devlet Kap\u0131s\u0131\n (yeni sekmede a\u00e7\u0131l\u0131r)\" href=\"http:\/\/balikesirism.saglik.gov.tr\/\" target=\"_blank\">Bal\u0131kesir \u0130l Sa\u011fl\u0131k M\u00fcd\u00fcrl\u00fc\u011f\u00fc<\/a><\/li><li><a rel=\"noreferrer noopener\" aria-label=\"Sa\u011fl\u0131k Bakanl\u0131\u011f\u0131\u2028Halk Sa\u011fl\u0131\u011f\u0131 Genel M\u00fcd\u00fcrl\u00fc\u011f\u00fc\u2028Bal\u0131kesir Valili\u011fi\u2028Karesi Kaymakaml\u0131\u011f\u0131\u2028Bal\u0131kesir Aile Hekimleri Derne\u011fi\n (yeni sekmede a\u00e7\u0131l\u0131r)\" href=\"http:\/\/www.balhed.org\" target=\"_blank\">Bal\u0131kesir Aile Hekimleri Derne\u011fi<\/a><\/li><li><a rel=\"noreferrer noopener\" aria-label=\"Sa\u011fl\u0131k Bakanl\u0131\u011f\u0131\u2028Halk Sa\u011fl\u0131\u011f\u0131 Genel M\u00fcd\u00fcrl\u00fc\u011f\u00fc\u2028Bal\u0131kesir Valili\u011fi\u2028Karesi Kaymakaml\u0131\u011f\u0131\u2028Bal\u0131kesir Aile Hekimleri Derne\u011fi\u2028Sa\u011fl\u0131k Mevzuat\u0131\n (yeni sekmede a\u00e7\u0131l\u0131r)\" href=\"https:\/\/www.saglik.gov.tr\/TR,10357\/saglik-mevzuati.html\" target=\"_blank\">Sa\u011fl\u0131k Mevzuat\u0131<\/a><\/li><li><a href=\"http:\/\/asirehberi.saglik.gov.tr\/asi-takvimi\">A\u015f\u0131 Takvimi<\/a><\/li><li><a rel=\"noreferrer noopener\" aria-label=\"Sa\u011fl\u0131k Bakanl\u0131\u011f\u0131\u2028Halk Sa\u011fl\u0131\u011f\u0131 Genel M\u00fcd\u00fcrl\u00fc\u011f\u00fc\u2028Bal\u0131kesir Valili\u011fi\u2028Karesi Kaymakaml\u0131\u011f\u0131\u2028Bal\u0131kesir Aile Hekimleri Derne\u011fi\u2028Sa\u011fl\u0131k Mevzuat\u0131\u2028A\u015f\u0131 Takvimi\u2028Sigaray\u0131 B\u0131rakma Hatt\u0131\n (yeni sekmede a\u00e7\u0131l\u0131r)\" href=\"https:\/\/alo171.saglik.gov.tr\" target=\"_blank\">Sigaray\u0131 B\u0131rakma Hatt\u0131<\/a><\/li><li><a rel=\"noreferrer noopener\" aria-label=\"Sa\u011fl\u0131k Bakanl\u0131\u011f\u0131\u2028Halk Sa\u011fl\u0131\u011f\u0131 Genel M\u00fcd\u00fcrl\u00fc\u011f\u00fc\u2028Bal\u0131kesir Valili\u011fi\u2028Karesi Kaymakaml\u0131\u011f\u0131\u2028Bal\u0131kesir Aile Hekimleri Derne\u011fi\u2028Sa\u011fl\u0131k Mevzuat\u0131\u2028A\u015f\u0131 Takvimi\u2028Sigaray\u0131 B\u0131rakma Hatt\u0131\u2028Uyu\u015fturucu ile M\u00fccadele, Dan\u0131\u015fma ve Destek Hatt\u0131  (yeni sekmede a\u00e7\u0131l\u0131r)\" href=\"http:\/\/alo191uyusturucuilemucadele.saglik.gov.tr\/\" target=\"_blank\">Uyu\u015fturucu ile M\u00fccadele, Dan\u0131\u015fma ve Destek Hatt\u0131 <\/a><\/li><li><a rel=\"noreferrer noopener\" aria-label=\"Sa\u011fl\u0131k Bakanl\u0131\u011f\u0131\u2028Halk Sa\u011fl\u0131\u011f\u0131 Genel M\u00fcd\u00fcrl\u00fc\u011f\u00fc\u2028Bal\u0131kesir Valili\u011fi\u2028Karesi Kaymakaml\u0131\u011f\u0131\u2028Bal\u0131kesir Aile Hekimleri Derne\u011fi\u2028Sa\u011fl\u0131k Mevzuat\u0131\u2028A\u015f\u0131 Takvimi\u2028Sigaray\u0131 B\u0131rakma Hatt\u0131\u2028Uyu\u015fturucu ile M\u00fccadele, Dan\u0131\u015fma ve Destek Hatt\u0131 \u2028e-Devlet Kap\u0131s\u0131\n (yeni sekmede a\u00e7\u0131l\u0131r)\" href=\"https:\/\/www.turkiye.gov.tr\/\" target=\"_blank\">e-Devlet Kap\u0131s\u0131<\/a><\/li><li><a rel=\"noreferrer noopener\" aria-label=\"Sa\u011fl\u0131k Bakanl\u0131\u011f\u0131\u2028Halk Sa\u011fl\u0131\u011f\u0131 Genel M\u00fcd\u00fcrl\u00fc\u011f\u00fc\u2028Bal\u0131kesir Valili\u011fi\u2028Karesi Kaymakaml\u0131\u011f\u0131\u2028Bal\u0131kesir \u0130l Sa\u011fl\u0131k M\u00fcd\u00fcrl\u00fc\u011f\u00fc\u2028Bal\u0131kesir Aile Hekimleri Derne\u011fi\u2028Sa\u011fl\u0131k Mevzuat\u0131\u2028A\u015f\u0131 Takvimi\u2028Sigaray\u0131 B\u0131rakma Hatt\u0131\u2028Uyu\u015fturucu ile M\u00fccadele, Dan\u0131\u015fma ve Destek Hatt\u0131 \u2028e-Devlet Kap\u0131s\u0131\u2028e-Nab\u0131z\n (yeni sekmede a\u00e7\u0131l\u0131r)\" href=\"https:\/\/enabiz.gov.tr\/\" target=\"_blank\">e-Nab\u0131z<\/a><\/li><li><a href=\"https:\/\/hsgm.saglik.gov.tr\/tr\/beslenmehareket-hesaplamalar\" target=\"_blank\" rel=\"noreferrer noopener\">Beden Kitle Endeksi<\/a><br><\/li><\/ul>\n\n\n\n<p><\/p>\n","protected":false},"excerpt":{"rendered":"<p>Sa\u011fl\u0131k Bakanl\u0131\u011f\u0131 Halk Sa\u011fl\u0131\u011f\u0131 Genel M\u00fcd\u00fcrl\u00fc\u011f\u00fc Bal\u0131kesir Valili\u011fi Karesi Kaymakaml\u0131\u011f\u0131 Bal\u0131kesir \u0130l Sa\u011fl\u0131k M\u00fcd\u00fcrl\u00fc\u011f\u00fc Bal\u0131kesir Aile Hekimleri Derne\u011fi Sa\u011fl\u0131k Mevzuat\u0131 A\u015f\u0131 Takvimi Sigaray\u0131 B\u0131rakma Hatt\u0131 Uyu\u015fturucu ile M\u00fccadele, Dan\u0131\u015fma ve Destek Hatt\u0131 e-Devlet Kap\u0131s\u0131 e-Nab\u0131z Beden Kitle Endeksi<\/p>\n","protected":false},"author":1,"featured_media":0,"parent":0,"menu_order":0,"comment_status":"closed","ping_status":"closed","template":"","meta":{"footnotes":""},"class_list":["post-157","page","type-page","status-publish","hentry"],"_links":{"self":[{"href":"http:\/\/www.karesi5asm.com\/index.php?rest_route=\/wp\/v2\/pages\/157","targetHints":{"allow":["GET"]}}],"collection":[{"href":"http:\/\/www.karesi5asm.com\/index.php?rest_route=\/wp\/v2\/pages"}],"about":[{"href":"http:\/\/www.karesi5asm.com\/index.php?rest_route=\/wp\/v2\/types\/page"}],"author":[{"embeddable":true,"href":"http:\/\/www.karesi5asm.com\/index.php?rest_route=\/wp\/v2\/users\/1"}],"replies":[{"embeddable":true,"href":"http:\/\/www.karesi5asm.com\/index.php?rest_route=%2Fwp%2Fv2%2Fcomments&post=157"}],"version-history":[{"count":5,"href":"http:\/\/www.karesi5asm.com\/index.php?rest_route=\/wp\/v2\/pages\/157\/revisions"}],"predecessor-version":[{"id":1112,"href":"http:\/\/www.karesi5asm.com\/index.php?rest_route=\/wp\/v2\/pages\/157\/revisions\/1112"}],"wp:attachment":[{"href":"http:\/\/www.karesi5asm.com\/index.php?rest_route=%2Fwp%2Fv2%2Fmedia&parent=157"}],"curies":[{"name":"wp","href":"https:\/\/api.w.org\/{rel}","templated":true}]}}